{"id":703,"date":"2020-10-07T13:32:13","date_gmt":"2020-10-07T11:32:13","guid":{"rendered":"http:\/\/www.twr.at\/wp\/?page_id=703"},"modified":"2020-10-07T13:32:13","modified_gmt":"2020-10-07T11:32:13","slug":"axl-leskoschek-biographie","status":"publish","type":"page","link":"https:\/\/www.exlibris.or.at\/?page_id=703","title":{"rendered":"Axl Leskoschek Biographie"},"content":{"rendered":"\n<p>Axl Leskoschek, (eigentlich Albert von\nLeskoschek), 1889 \u2013 1976, Biographie.<\/p>\n\n\n\n<p><strong>AXL LESKOSCHEK, <\/strong>Maler, Buchillustrator, Holzschneider und\nKupferstecher. Es ist immer wieder ein au\u00dferordentliches Erlebnis, einen (f\u00fcr\nmich) unbekannten K\u00fcnstler zu entdecken. Tats\u00e4chlich nicht so unbekannt, den\nDr. Tillfried Cernajsek hat ihn immer wieder als Buchillustrator und Freund\nseines Vaters erw\u00e4hnt. Erst ein Hinweis des Wiener Kunsthistorikers Werner J.\nSchweiger brachte mich auf eine Spur des verstorbenen K\u00fcnstlers, beziehungsweise\nauf nachgenannten Graphiksammler und Experten. Prof. Erich Fitzbauer (Edition\ngraphischer Zirkel), dem Leskoschek ein gro\u00dfes Anliegen ist, habe ich viele\nInformationen zu den nachfolgenden S\u00e4tzen&nbsp;\nzu verdanken. Einer freundlichen Einladung des Professors und seiner\nGattin folgend, konnten meine Frau und ich bei Fr\u00fcchtetee und Kuchen einen Teil\nLeskoscheks Oevre betrachten. Mein Erstaunen war gro\u00df, 25 Exlibris und weitere\n12 Entw\u00fcrfe zeugen von einem reichhaltigen Schaffen, vor allem da das Exlibris\nja oft nur ein Nebenprodukt im Gesamtwerk eines K\u00fcnstlers ist. Axl Leskoschek\n(eigentlich Albert von Leskoschek) wurde am 3. September 1889 als Sohn eines\nFeldmarschallleutnants in Graz geboren. Nach beendetem Rechtsstudium r\u00fcckte er\nzum Milit\u00e4r ein. Vom Ersten Weltkrieg kehrte er schwerverwundet als\nFliegerleutnant zur\u00fcck, verzichtete auf eine Justizkarriere und begann an der\nLandeskunstschule Graz bei Alfred Schr\u00f6tter zu studieren. Zwischen 1921 und\n1923 studierte er bei Cossmann an der Graphischen Lehr- und Versuchsanstalt in\nWien. Der Schrecken des Ersten Weltkrieges brachte ihn zum Sozialismus und\nLeskoschek wird Kulturredakteur der sozialdemokratischen Tageszeitung\n\u201eArbeiterwille\u201c. In Graz geh\u00f6rt er zu den Gr\u00fcndern des Werkbundes \u201eFreiland\u201c\n(1919) und der \u201eGrazer Sezession\u201c (1923). 1934 beteiligt sich Leskoschek am\nAufstand des sozialdemokratischen Schutzbundes, wird inhaftiert \u2013 freigelassen\n\u2013 1936\/37 wieder inhaftiert, diesmal in W\u00f6llersdorf und auch wieder\nfreigelassen. Im Anhaltelager W\u00f6llersdorf&nbsp;\nentstehen eine F\u00fclle von expressiv-surealen Graphiken, die eine neue\nSchaffensperiode bei Leskoschek einleiten. 1938 fl\u00fcchtet der K\u00fcnstler vor den\nNationalsozialisten nach Triest, anschlie\u00dfend in die Schweiz und 1940 geht er\nins Exil nach Brasilien. Er wird Lehrer an der Akademie der Bildenden K\u00fcnste in\nRio de Janeiro und hat zwischen 1941 und 1948 einen starken Einflu\u00df auf&nbsp; das brasilianische Kunstschaffen. 1948 kehrt\ner nach \u00d6sterreich zur\u00fcck und stirbt am 12. Februar 1976 in Wien. <\/p>\n\n\n\n<p>Leskoscheks Hauptwerk sind sicherlich seine Buchillustrationen, die vor\nallem im Holzschnitt ausgef\u00fchrt sind. 1960 erscheint eine Odysseus Mappe mit\nzwanzig Holzschnitten, 1964 sein Kain Zyklus mit elf gro\u00dfformatigen\nFarblinolschnitten. Prof. Fitzbauer schreibt: <em>sicher weit \u00fcber tausend\nSt\u00f6cke hat er geschnitten und gestochen. Die meisten sind freilich verloren,\ndoch sind von einem gro\u00dfen Teil Abz\u00fcge erhalten. Auch zahllose Originale sind\nverschollen und an all diesen Verlusten tr\u00e4gt die Emigration, diese scharfe\nZ\u00e4sur im Leben und Schaffen Leskoscheks zum Teil die Schuld.<\/em><\/p>\n\n\n\n<p>Folgende Exlibris bezw. Entw\u00fcrfe konnte ich bei Prof. Fitzbauer\naufnehmen, wobei meine Trennung in Entw\u00fcrfe und Exlibris nat\u00fcrlich anzweifelbar\nist. Aber man kann halt leider nicht mehr feststellen, welche Entw\u00fcrfe\nausgef\u00fchrt worden sind.&nbsp;&nbsp;&nbsp; <em>&nbsp;<\/em><\/p>\n\n\n\n<p>Erstellt 2003 f\u00fcr die Mitteilungen der \u00d6sterreichischen Exlibris\nGesellschaft von Peter Rath \u00a9, Wien&nbsp;&nbsp;&nbsp;&nbsp;&nbsp;&nbsp;&nbsp;&nbsp;&nbsp;&nbsp;&nbsp;&nbsp;&nbsp;&nbsp;&nbsp;&nbsp;&nbsp;&nbsp;&nbsp;&nbsp;&nbsp;&nbsp;&nbsp;&nbsp;&nbsp;&nbsp;&nbsp;&nbsp;&nbsp; <\/p>\n","protected":false},"excerpt":{"rendered":"<p>Axl Leskoschek, (eigentlich Albert von Leskoschek), 1889 \u2013 1976, Biographie. AXL LESKOSCHEK, Maler, Buchillustrator, Holzschneider und Kupferstecher. Es ist immer wieder ein au\u00dferordentliches Erlebnis, einen (f\u00fcr mich) unbekannten K\u00fcnstler zu entdecken. Tats\u00e4chlich nicht so unbekannt, den Dr. Tillfried Cernajsek hat ihn immer wieder als Buchillustrator und Freund seines Vaters erw\u00e4hnt. Erst ein Hinweis des Wiener &hellip; <a href=\"https:\/\/www.exlibris.or.at\/?page_id=703\" class=\"more-link\"><span class=\"screen-reader-text\">Axl Leskoschek Biographie<\/span> weiterlesen<\/a><\/p>\n","protected":false},"author":1,"featured_media":0,"parent":0,"menu_order":0,"comment_status":"closed","ping_status":"closed","template":"","meta":{"footnotes":""},"_links":{"self":[{"href":"https:\/\/www.exlibris.or.at\/index.php?rest_route=\/wp\/v2\/pages\/703"}],"collection":[{"href":"https:\/\/www.exlibris.or.at\/index.php?rest_route=\/wp\/v2\/pages"}],"about":[{"href":"https:\/\/www.exlibris.or.at\/index.php?rest_route=\/wp\/v2\/types\/page"}],"author":[{"embeddable":true,"href":"https:\/\/www.exlibris.or.at\/index.php?rest_route=\/wp\/v2\/users\/1"}],"replies":[{"embeddable":true,"href":"https:\/\/www.exlibris.or.at\/index.php?rest_route=%2Fwp%2Fv2%2Fcomments&post=703"}],"version-history":[{"count":1,"href":"https:\/\/www.exlibris.or.at\/index.php?rest_route=\/wp\/v2\/pages\/703\/revisions"}],"predecessor-version":[{"id":704,"href":"https:\/\/www.exlibris.or.at\/index.php?rest_route=\/wp\/v2\/pages\/703\/revisions\/704"}],"wp:attachment":[{"href":"https:\/\/www.exlibris.or.at\/index.php?rest_route=%2Fwp%2Fv2%2Fmedia&parent=703"}],"curies":[{"name":"wp","href":"https:\/\/api.w.org\/{rel}","templated":true}]}}