{"id":1668,"date":"2022-11-29T13:50:11","date_gmt":"2022-11-29T12:50:11","guid":{"rendered":"http:\/\/www.exlibris.or.at\/?page_id=1668"},"modified":"2022-11-29T13:50:11","modified_gmt":"2022-11-29T12:50:11","slug":"beethovens-garten-in-hetzendorf","status":"publish","type":"page","link":"http:\/\/www.exlibris.or.at\/?page_id=1668","title":{"rendered":"Beethovens Garten in Hetzendorf"},"content":{"rendered":"\n<p>Als Hetzendorfer\nin der dritten Generation ist es mir eine Freude, zu Ludvig van Beethovens vermutlich\ndritten Aufenthalt in unserer Gemeinde im 12. Wiener Gemeindebezirk ein wenig\nbeizutragen.&nbsp; <\/p>\n\n\n\n<div class=\"wp-block-image\"><figure class=\"aligncenter size-large\"><img loading=\"lazy\" decoding=\"async\" width=\"800\" height=\"566\" src=\"http:\/\/www.exlibris.or.at\/wp-content\/uploads\/2022\/11\/Beethoven_Grillparzer.jpg\" alt=\"\" class=\"wp-image-1670\" srcset=\"http:\/\/www.exlibris.or.at\/wp-content\/uploads\/2022\/11\/Beethoven_Grillparzer.jpg 800w, http:\/\/www.exlibris.or.at\/wp-content\/uploads\/2022\/11\/Beethoven_Grillparzer-300x212.jpg 300w, http:\/\/www.exlibris.or.at\/wp-content\/uploads\/2022\/11\/Beethoven_Grillparzer-768x543.jpg 768w\" sizes=\"(max-width: 800px) 100vw, 800px\" \/><\/figure><\/div>\n\n\n\n<p>Im Jahre 1817\nerwarb Sigismund Freiherr von Pr\u00f3nay de T\u00f3t-Pr\u00f3na et Blat(h)nitza&nbsp; (1780-1848) die Liegenschaft in der\nHetzendorfer Stra\u00dfe&nbsp; 75a (beim drtten\nBeethoven Besuch in Hetzendorf noch Nr. 32) um 35.000 Gulden. (Eltern: Gabriel\nI. Freiherr von Pr\u00f3nay 1784-1811 u. d. Karoline Freiin von Podmaniczy \u2020 1830). Pr\u00f3nay\nBesch\u00e4ftigte sich intensiv f\u00fcr Botanik und lie\u00df einen Biedermeiergarten\nanlegen, der sehr bekannt wurde. Er spezialisierte ich auf die Z\u00fcchtung\nseltener (englischer) Pelargonien, Camellien (Cameel, [beschrieb als Erster die\nKamelie] verw. m. dem Begr\u00fcnder des \u201eSchwarzen Kameels, Am Hof), Azalea indica (und\nwar etwas sp\u00e4ter Vizepr\u00e4sident der neugegr\u00fcndeten Gartenbaugesellschaft. Sein\nGarten z\u00e4hlte zu den bestgepflegtesten und prachtvollsten G\u00e4rten seiner Zeit in\nder Umgebung Wiens. Zitiert wird ein \u201eOberg\u00e4rtner, so hat es offenbar viele\nG\u00e4rtner gegeben). U. a. Preistr\u00e4ger der Blumen Ausstellung 1837 der\nGartenbaugesellschaft zu Wien. F\u00fcr Studierende der Wiener Universit\u00e4t stellte Pr\u00f3nay\nseinen Garten zu Verf\u00fcgung. <\/p>\n\n\n\n<div class=\"wp-block-image\"><figure class=\"aligncenter size-large\"><img loading=\"lazy\" decoding=\"async\" width=\"800\" height=\"535\" src=\"http:\/\/www.exlibris.or.at\/wp-content\/uploads\/2022\/11\/Beethovenhaus-von-K.-Reschny-1.jpg\" alt=\"\" class=\"wp-image-1671\" srcset=\"http:\/\/www.exlibris.or.at\/wp-content\/uploads\/2022\/11\/Beethovenhaus-von-K.-Reschny-1.jpg 800w, http:\/\/www.exlibris.or.at\/wp-content\/uploads\/2022\/11\/Beethovenhaus-von-K.-Reschny-1-300x201.jpg 300w, http:\/\/www.exlibris.or.at\/wp-content\/uploads\/2022\/11\/Beethovenhaus-von-K.-Reschny-1-768x514.jpg 768w\" sizes=\"(max-width: 800px) 100vw, 800px\" \/><\/figure><\/div>\n\n\n\n<p>Im Hause wohnte\nauch Ludvig van Beethoven vom 17. Mai bis 13. August 1823 in vier Zimmern, die\ner f\u00fcr 100 Gulden gemietet hatte. Im Gem\u00e4lde von Carl Gustav Krause (Deutscher\nLandschaftsmaler geb. Bonn 1.9.1892, gest. ?) und Idee von Emil Wawra\n(Schriftsteller in Wien geb. 1896, gest. ?) sind vier Zimmer mit Fenster, Blick\nauf den Garten! Im Beethovenhaus in Bonn ist das Gem\u00e4lde noch nicht (11.2022) &nbsp;bekannt.<\/p>\n\n\n\n<p>Er wurde hier\nvon Franz Grillparzer besucht, da die K\u00fcnstler gemeinsam eine Oper planten, die\nallerdings nicht zustande kam. Dieses Ereignis wurde von Grillparzer in seinen\nErinnerungen an Beethoven, geschildert. Beethoven schrieb hier an seiner 9.\nSymphonie. Er wurde vom Hausherrn sehr verehrt, dennoch hielt es Beethoven in\ndiesen Haus nicht lange. <\/p>\n\n\n\n<p>1839 verkaufte\nSigmund Freiherr Pr\u00f3nay de T\u00f3t-Pr\u00f3na et Blatnitza&nbsp; seinen Besitz an Dominicus&nbsp; (Dominic) Graf Bethlen von der Ikar (1725-?\nVerheiratet mit Maria Wessel\u00e9ny van Hadad, Kind Suzanne 1754-1797). (Bethlengasse\nin Hetzendorf). F\u00fcr den Bau der S\u00fcdbahn musste dieser einen Teil des Gartens\nabtreten. Der endg\u00fcltige Niedergang der Anlage erfolgte unter der Familie\nSochor, die seit 1879 Besitzer wurde. Sie parzellierten 1885 den Garten, und es\nentstanden durch die Valerie-Cottage-Gesellschaft Villenbauten. 1915 wurde auch\ndas historische Geb\u00e4ude abgerissen. (Wikipedia).<\/p>\n\n\n\n<p>Stammtafel der\nFamilie <em>Pr\u00f3nay de T\u00f3t-Pr\u00f3na et Blatnitza<\/em>\nist im Wurzbach nachzulesen. F\u00fcr die Familie gibt es in ANNO 6.936 Ergebnisse. <\/p>\n\n\n\n<p><em>Sochor<\/em>: vermutlich kaufte Josef Sochor 1841-1875 die Anlage von Graf Bethlen.\nEr heiratete 1875 Josefa Kafka, Kind: Anton Ignaz Sochor 1878-1925. Sp\u00e4ter\nverh. mit Anna Pelikan 1881-1920. Deren Kinder: Anton August 1902-1970; Ignaz\nJosef 1904-1984; Bronislawa Emilie Maria 1905-1905; Lepold Ferdinand 1906-1985;\nStefanie 1911-1995; Karl 1913-? <\/p>\n\n\n\n[Beethovens 1.\nAufenthalt in Hetzendorf war vermutlich um 1800, wo er auch \u2013 vermutlich &#8211; in\nder Villa des Grafen Christian August von Sailern, 2. Aufenthalt vermutlich im\nSommer 1805. Seine damalige Wohnst\u00e4tte l\u00e4sst sich nicht mit Sicherheit\nfeststellen (Gallhof? Der Gallhof war ab 1803 nicht mehr Seilerischer Besitz).\nDamals hatte Beethoven drei Wohnungen zu gleicher Zeit: seine Dienstwohnung im\nTheater an der Wien, die im Pasqualatischen Hause, wo er meist arbeitete, und\ndie in Hetzendorf. <\/p>\n\n\n\n<p>Von\nletztgenannter (3.) ging er nach Sch\u00f6nbrunn und arbeitete dort an seiner Oper Fidelio&nbsp; \u201ein derselben gabelf\u00f6rmigen Linde im\nSch\u00f6nbrunner Garten sitzend, wo er vier Jahre fr\u00fcher (also auch w\u00e4hrend seines\nAufenthaltes in Hetzendorf, in der Villa des damaligen Herrschaftsbesitzers\nFreiherr Sigismund Pr\u00f3nay de T\u00f3t-Pr\u00f3na et Blatnitza, Hetzendorfer Strasse 75,\ndamals die Nummer 32.] &nbsp;<\/p>\n\n\n\n<p>Entstanden Ende 2022\nunter Mitarbeit des Bezirksmuseum Meidling, Herrn Prof. Hans W.&nbsp; Bousska, dem sehr dankbar bin f\u00fcr die vielen\nInformationen und das \u00d6lgem\u00e4lde. Zusammengestellt von Peter Rath\u00a9. <\/p>\n","protected":false},"excerpt":{"rendered":"<p>Als Hetzendorfer in der dritten Generation ist es mir eine Freude, zu Ludvig van Beethovens vermutlich dritten Aufenthalt in unserer Gemeinde im 12. Wiener Gemeindebezirk ein wenig beizutragen.&nbsp; Im Jahre 1817 erwarb Sigismund Freiherr von Pr\u00f3nay de T\u00f3t-Pr\u00f3na et Blat(h)nitza&nbsp; (1780-1848) die Liegenschaft in der Hetzendorfer Stra\u00dfe&nbsp; 75a (beim drtten Beethoven Besuch in Hetzendorf noch &hellip; <a href=\"http:\/\/www.exlibris.or.at\/?page_id=1668\" class=\"more-link\"><span class=\"screen-reader-text\">Beethovens Garten in Hetzendorf<\/span> weiterlesen<\/a><\/p>\n","protected":false},"author":1,"featured_media":0,"parent":0,"menu_order":0,"comment_status":"closed","ping_status":"closed","template":"","meta":{"footnotes":""},"_links":{"self":[{"href":"http:\/\/www.exlibris.or.at\/index.php?rest_route=\/wp\/v2\/pages\/1668"}],"collection":[{"href":"http:\/\/www.exlibris.or.at\/index.php?rest_route=\/wp\/v2\/pages"}],"about":[{"href":"http:\/\/www.exlibris.or.at\/index.php?rest_route=\/wp\/v2\/types\/page"}],"author":[{"embeddable":true,"href":"http:\/\/www.exlibris.or.at\/index.php?rest_route=\/wp\/v2\/users\/1"}],"replies":[{"embeddable":true,"href":"http:\/\/www.exlibris.or.at\/index.php?rest_route=%2Fwp%2Fv2%2Fcomments&post=1668"}],"version-history":[{"count":1,"href":"http:\/\/www.exlibris.or.at\/index.php?rest_route=\/wp\/v2\/pages\/1668\/revisions"}],"predecessor-version":[{"id":1672,"href":"http:\/\/www.exlibris.or.at\/index.php?rest_route=\/wp\/v2\/pages\/1668\/revisions\/1672"}],"wp:attachment":[{"href":"http:\/\/www.exlibris.or.at\/index.php?rest_route=%2Fwp%2Fv2%2Fmedia&parent=1668"}],"curies":[{"name":"wp","href":"https:\/\/api.w.org\/{rel}","templated":true}]}}