{"id":1632,"date":"2022-10-14T16:28:14","date_gmt":"2022-10-14T14:28:14","guid":{"rendered":"http:\/\/www.exlibris.or.at\/?page_id=1632"},"modified":"2023-01-24T13:35:05","modified_gmt":"2023-01-24T12:35:05","slug":"franz-lakomy-1882","status":"publish","type":"page","link":"http:\/\/www.exlibris.or.at\/?page_id=1632","title":{"rendered":"Franz Lakomy 1882-"},"content":{"rendered":"\n<ul><li>Franz Lakomy, K\u00fcnstler, Musiker, Komponist, Exlibris-Radierer und Schlaraffe, 14.5.1882-?<\/li><li>\u00b0\u00b0 Leopoldine Becker; Kinder Stephanie * 20.12.1908, Franz * 9.7.1910, Hermine * 26.6.1912;<\/li><\/ul>\n\n\n\n<p>Lakomy, Franz Rudolf, war Architekt bei der Baufirma \u201eMenx &amp; Popp. Seine Adresse: M\u00e4hrisch Ostrau, Jirasaekplatz 11.<\/p>\n\n\n\n<p>Kam \u00fcber den Orden der\nWartburgritter mit Urschlaraffia in Verbindung. Der Orden der Wartburgritter\nwurde am 3.10. a. U. 68\/3&nbsp; (1927) in das\nUrschlaraffenreych Castellum Ostraviense, URR Nr. 2 (Urschlaraffenreych Nr. 2\numgewandelt.<\/p>\n\n\n\n<p>Franz Lakomy wurde als Knappe 17 aufgenommen und am 20.11. a. U. 69\/4 (1928) zu Junker Franziskus ernannt und am 12.03 a. U. U70\/5 (1929) zum Ritter Leonardo der Winzige geschlagen. Ritter Leonardo war immer im Hintergrund, strebte keinerlei Funktionen an, war Wappen und Adelsmarschall, Schlaraffenrat und auch Burgvogt. Laut Unterlagen ritt er am 21.3.1948 in Ettlingen, Baden, gen Ahall.  Musik-Direktor, kath.;geb. 14. Mai 1882 in Karlsburg, Ungarn. Musik \u2013 Studium bei August Duesberg (1867-1922, ab 1886 am Konservatorium, unterrichtet Klavier und Gesang, \u201eNeue Elementar-Violinschule auf katechetischer Grundlage, Wien-Leipzig, UE 1910\u201c) Konservatorium der Stadt Wien. <\/p>\n\n\n\n<p>1907 \u2013 1918\nMilit\u00e4rkapellmeister des&nbsp; Galizisches Infanterieregiments\nNr. 57, Tarnow, Inhaber: Prinz zu Sachsen-Coburg-Saalfeld. <em>F. Lakomy war Komponist vieler M\u00e4rsche!<\/em> <\/p>\n\n\n\n<p>Dirigent im Thalia-Kino Wien;\nWerkskapelle B\u00f6hler in Kapfenberg; &nbsp;<\/p>\n\n\n\n<div class=\"wp-block-image\"><figure class=\"aligncenter size-large is-resized\"><img loading=\"lazy\" decoding=\"async\" src=\"http:\/\/www.exlibris.or.at\/wp-content\/uploads\/2022\/10\/Lakomy-Sigismundi-Leicht-792x1024.jpg\" alt=\"\" class=\"wp-image-1633\" width=\"410\" height=\"530\" srcset=\"http:\/\/www.exlibris.or.at\/wp-content\/uploads\/2022\/10\/Lakomy-Sigismundi-Leicht-792x1024.jpg 792w, http:\/\/www.exlibris.or.at\/wp-content\/uploads\/2022\/10\/Lakomy-Sigismundi-Leicht-232x300.jpg 232w, http:\/\/www.exlibris.or.at\/wp-content\/uploads\/2022\/10\/Lakomy-Sigismundi-Leicht-768x993.jpg 768w, http:\/\/www.exlibris.or.at\/wp-content\/uploads\/2022\/10\/Lakomy-Sigismundi-Leicht-1188x1536.jpg 1188w, http:\/\/www.exlibris.or.at\/wp-content\/uploads\/2022\/10\/Lakomy-Sigismundi-Leicht-1584x2048.jpg 1584w, http:\/\/www.exlibris.or.at\/wp-content\/uploads\/2022\/10\/Lakomy-Sigismundi-Leicht.jpg 1794w\" sizes=\"(max-width: 410px) 100vw, 410px\" \/><\/figure><\/div>\n\n\n\n<p><em>Auszeichnungen<\/em>: Goldenes\nVerdienst-Kreuz; Ritter-Kreuz des koburg-ernestinischen Haus Ordens II. Klasse,\nmit Schwertern; 16 Ehrenzeichen II. Klasse des Roten Kreuz; <\/p>\n\n\n\n<p><em>Mitgliedschaften<\/em>:Franz Lakomy war \u201eLeonardo\nder Winzige\u201c Urschlaraffenreych Nr. 2, Ostrava \u2013 Ostrau. K\u00fcnstler. (Mitgeteilt\nvon Prof. Hans W. Bousska (Bezirks-Museum Meidling), 29.3.2011) . \u00d6sterreichische Autoren-Gesellschaft; \u00f6sterr.\nMerVbd(?);&nbsp;&nbsp; &nbsp;&nbsp;<\/p>\n\n\n\n<p>Wohnung: Wien III.\nHaidingergasse 25. Aus: Deutsches Musiker-Lexikon. Hrsg. von Erich H. M\u00fcller,\n1929 (538). <\/p>\n\n\n\n<div class=\"wp-block-image\"><figure class=\"aligncenter size-large is-resized\"><img loading=\"lazy\" decoding=\"async\" src=\"http:\/\/www.exlibris.or.at\/wp-content\/uploads\/2022\/10\/Lakomy_ipse_f-712x1024.jpg\" alt=\"\" class=\"wp-image-1635\" width=\"396\" height=\"569\" srcset=\"http:\/\/www.exlibris.or.at\/wp-content\/uploads\/2022\/10\/Lakomy_ipse_f-712x1024.jpg 712w, http:\/\/www.exlibris.or.at\/wp-content\/uploads\/2022\/10\/Lakomy_ipse_f-209x300.jpg 209w, http:\/\/www.exlibris.or.at\/wp-content\/uploads\/2022\/10\/Lakomy_ipse_f-768x1104.jpg 768w, http:\/\/www.exlibris.or.at\/wp-content\/uploads\/2022\/10\/Lakomy_ipse_f.jpg 845w\" sizes=\"(max-width: 396px) 100vw, 396px\" \/><\/figure><\/div>\n\n\n\n<p>Ein ungew\u00f6hnliches Leben! 20\nExlibris in der Technik der Radierung, nachgewiesen im Gutenberg &#8211; Katalog,\nKomponist von mehr als 91 Opus-Nummern und Schlaraffe obendrein. Leider ist zu\nwenig \u00fcber den K\u00fcnstler bekannt. Ich kenne nicht einmal das Todesdatum.&nbsp; <\/p>\n\n\n\n<div class=\"wp-block-image\"><figure class=\"aligncenter size-large is-resized\"><img loading=\"lazy\" decoding=\"async\" src=\"http:\/\/www.exlibris.or.at\/wp-content\/uploads\/2022\/10\/LAKOMYFranz-FranzLakomy.jpg\" alt=\"\" class=\"wp-image-1636\" width=\"406\" height=\"571\" srcset=\"http:\/\/www.exlibris.or.at\/wp-content\/uploads\/2022\/10\/LAKOMYFranz-FranzLakomy.jpg 569w, http:\/\/www.exlibris.or.at\/wp-content\/uploads\/2022\/10\/LAKOMYFranz-FranzLakomy-213x300.jpg 213w\" sizes=\"(max-width: 406px) 100vw, 406px\" \/><\/figure><\/div>\n\n\n\n<p>In der\nMusiksammlung der \u00d6NB finden sich folgende Werke von Franz Lakomy:<\/p>\n\n\n\n<p>Op. 42. Jugendst\u00fcrme. Walzer\nOp. 42, Verl. Josef\nBlaha, <\/p>\n\n\n\n<p>Op.\n62. Viribus unitis. Marsch(Op. 62);\no.J; Widmung an Kaiser Franz Josef I.; <\/p>\n\n\n\n<p>Op. 65. Freiherr von Skene\nMarsch<\/p>\n\n\n\n<p>Op. 66 Brandner Edler von\nWolfszahn-Marsch<\/p>\n\n\n\n<p>Op. 68. Fritz-Marsch Op. 68; <\/p>\n\n\n\n<p>Op. 90.\nSchlaraffenlieder-Potpourri<\/p>\n\n\n\n<p>Op. 62 ist auch ein\nWiegen-Lied<\/p>\n\n\n\n<p>Op. 65 ist auch Herzt\u00f6ne!\nWalzer<\/p>\n\n\n\n<p>In dem Sammelband \u201eDer\nWiener im Salon\u201c. Wien: M. Kr\u00e4mer\u2019s Nachfolger [ca. 1915] ist ein Dostal-Marsch\nenthalten<\/p>\n\n\n\n<div class=\"wp-block-image\"><figure class=\"aligncenter size-large is-resized\"><img loading=\"lazy\" decoding=\"async\" src=\"http:\/\/www.exlibris.or.at\/wp-content\/uploads\/2022\/10\/Paula-Leicht-850x1024.jpg\" alt=\"\" class=\"wp-image-1637\" width=\"476\" height=\"573\" srcset=\"http:\/\/www.exlibris.or.at\/wp-content\/uploads\/2022\/10\/Paula-Leicht-850x1024.jpg 850w, http:\/\/www.exlibris.or.at\/wp-content\/uploads\/2022\/10\/Paula-Leicht-249x300.jpg 249w, http:\/\/www.exlibris.or.at\/wp-content\/uploads\/2022\/10\/Paula-Leicht-768x926.jpg 768w, http:\/\/www.exlibris.or.at\/wp-content\/uploads\/2022\/10\/Paula-Leicht-1275x1536.jpg 1275w, http:\/\/www.exlibris.or.at\/wp-content\/uploads\/2022\/10\/Paula-Leicht.jpg 1365w\" sizes=\"(max-width: 476px) 100vw, 476px\" \/><\/figure><\/div>\n\n\n\n<p>In der Musiksammlung der\nWienbibliothek gibt es noch<\/p>\n\n\n\n<p>57er Vorw\u00e4rts! Polka schnell<br>\nop. 40. Liechtenstein-Marsch Op. 40, <\/p>\n\n\n\n<p>Op. 61. Klier-Marsch Op. 61, &nbsp;<\/p>\n\n\n\n<p>Ich danke Frau Dr.\nAndrea Harrandt, Musiksammlung der \u00d6NB f\u00fcr diese Hinweise!.<\/p>\n\n\n\n<div class=\"wp-block-image\"><figure class=\"aligncenter size-large is-resized\"><img loading=\"lazy\" decoding=\"async\" src=\"http:\/\/www.exlibris.or.at\/wp-content\/uploads\/2022\/11\/Franz-Lakomy-1001x1024.jpg\" alt=\"\" class=\"wp-image-1660\" width=\"380\" height=\"389\" srcset=\"http:\/\/www.exlibris.or.at\/wp-content\/uploads\/2022\/11\/Franz-Lakomy-1001x1024.jpg 1001w, http:\/\/www.exlibris.or.at\/wp-content\/uploads\/2022\/11\/Franz-Lakomy-293x300.jpg 293w, http:\/\/www.exlibris.or.at\/wp-content\/uploads\/2022\/11\/Franz-Lakomy-768x786.jpg 768w, http:\/\/www.exlibris.or.at\/wp-content\/uploads\/2022\/11\/Franz-Lakomy-1501x1536.jpg 1501w, http:\/\/www.exlibris.or.at\/wp-content\/uploads\/2022\/11\/Franz-Lakomy.jpg 1728w\" sizes=\"(max-width: 380px) 100vw, 380px\" \/><\/figure><\/div>\n\n\n\n<p>Weiter:<\/p>\n\n\n\n<p>Op. 90. Schlaraffenlieder-Potpourri In arte voluptas. Arrangement. Klavier.<br> <a href=\"https:\/\/search.onb.ac.at\/primo-explore\/search?query=creator%2Cexact%2CLakomy%2C%20Franz%20%5BKomponistIn%5D%2CAND&amp;tab=default_tab&amp;search_scope=ONB_gesamtbestand&amp;vid=ONB&amp;mode=advanced&amp;offset=0\">Lakomy, Franz. <\/a>Ort\/Verlag, Wien : Wiener Ph\u00f6nix-Verlag, Jahr\/Datierung, 1927 Umfang\/Illustr.\/Format, 18 S., Schlagw\u00f6rter, <a href=\"https:\/\/search.onb.ac.at\/primo-explore\/search?query=sub%2Cexact%2CInstrumentalmusik%2CAND&amp;tab=default_tab&amp;search_scope=ONB_gesamtbestand&amp;vid=ONB&amp;mode=advanced&amp;offset=0\">Instrumentalmusik <\/a>, <a href=\"https:\/\/search.onb.ac.at\/primo-explore\/search?query=sub%2Cexact%2CSolo%2C%20Musik%2CAND&amp;tab=default_tab&amp;search_scope=ONB_gesamtbestand&amp;vid=ONB&amp;mode=advanced&amp;offset=0\">Solo, Musik <\/a> Beschreibung, Druckplattennummer: W.P.V. 0076, Signatur\/Inv-Nr. etc. MS102669-4\u00b0 MUS MAG, Zitierlink, <a href=\"http:\/\/data.onb.ac.at\/rec\/AC09108035\">http:\/\/data.onb.ac.at\/rec\/AC09108035<\/a><\/p>\n\n\n\n<p>Auch: In Arte Voluptas (In\nder Kunst liegt Vergn\u00fcgen), Schlaraffen-Lieder-Potpourri f\u00fcr Klavier. (Streich-\nod. Saloon Orchester, Ph\u00f6nix-Wien 1907; Herzt\u00f6ne, Walzer f\u00fcr Klavier, ebenda\n27; <\/p>\n\n\n\n<p>Dostal-Marsch,\nim Walter Schwanzer Musikverlage. Neuweidlingerstra\u00dfe 29, A-3495 Rohrendorf bei\nKrems.<\/p>\n\n\n\n<p>Golog\u00f3rski-Marsch;<\/p>\n\n\n\n<p>Hempel-Marsch,\nim Walter Schwanzer Musikverlage. Neuweidlingerstra\u00dfe 29, A-3495 Rohrendorf bei\nKrems.<\/p>\n\n\n\n<p>F\u00fcr Heimat,\nVolk und Vaterland, Op. 91, Marsch, gewidmet dem Steirischen\nHeimatschutzverband,&nbsp; <\/p>\n\n\n\n<div class=\"wp-block-image\"><figure class=\"aligncenter size-large is-resized\"><img loading=\"lazy\" decoding=\"async\" src=\"http:\/\/www.exlibris.or.at\/wp-content\/uploads\/2022\/10\/Reych-der-99-838x1024.jpg\" alt=\"\" class=\"wp-image-1638\" width=\"460\" height=\"561\" srcset=\"http:\/\/www.exlibris.or.at\/wp-content\/uploads\/2022\/10\/Reych-der-99-838x1024.jpg 838w, http:\/\/www.exlibris.or.at\/wp-content\/uploads\/2022\/10\/Reych-der-99-246x300.jpg 246w, http:\/\/www.exlibris.or.at\/wp-content\/uploads\/2022\/10\/Reych-der-99-768x938.jpg 768w, http:\/\/www.exlibris.or.at\/wp-content\/uploads\/2022\/10\/Reych-der-99-1257x1536.jpg 1257w, http:\/\/www.exlibris.or.at\/wp-content\/uploads\/2022\/10\/Reych-der-99.jpg 1412w\" sizes=\"(max-width: 460px) 100vw, 460px\" \/><\/figure><\/div>\n\n\n\n<p>23) Exlibris\nerfasst: <\/p>\n\n\n\n<p>1) Hermann\nHuebauer; Rad; 80&#215;65; sw; o.J; hs; Kahler Weidenbaum am Ufer; Gut Kat: 30.645;<\/p>\n\n\n\n<p>2) F.\nLakomy; Fr\u00fchgeschichtl. Liter(atur); Rad; 78&#215;54; sw; 1933; hs; Steinzeitmensch\n(R\u00fcckenfigur), Elefant an Felswand zeichnend (Motivverwandt mit Gut Kat 30.647;\nGut Kat 30.646;<\/p>\n\n\n\n<p>3) Franz,\nLakomy; Rad; dunkelbraun; 1938; hs; Eigene Dichtungen; Reiter st\u00fcrzt von\nPegasus, darunter Weltkugel, dar\u00fcber Sonne; Slg. Rath; Kopie<\/p>\n\n\n\n<p>4) Franz\nLakomy; Reych der Neundneunzig, (Urschlaraffenreych Ostrawe \u2013 (M\u00e4hrisch-) Ostrau,\nNr. 187, derzeit nicht bestehend); (99 eigentlich: Saazin \u2013 Saaz, Teplitz, auch\n294); Rad; 100&#215;86; braun-sw; Jahr nicht lesbar; s; hs; &nbsp;Tanzendes Bauernpaar nach D\u00fcrer mit\nReychwappen; Slg. Rath <\/p>\n\n\n\n<p>5) Franz Lakomy;\nWillkumm unterm Schreckensteyn zur Reychserhebungsfeyer, der Kanzellar, 24.\nLethemono a. U. 77\/72, Rad; &nbsp;&nbsp;<\/p>\n\n\n\n<p>6) F.\nLakomy; Rad; 109&#215;83; braun-w; 1931; s\/hs; B\u00fccherturm bewachender Drache. \u201eICH\nH\u00dcTE MEINEN SCHATZ\u201c. Gut Kat 6.481; <\/p>\n\n\n\n<p>7) F.\nLakomy; Arch\u00e4olog. B\u00fccherei; Rad; 76&#215;55; sw; 1933; hs; Steinzeitmensch, Elefant\nan Felswand zeichnent (motivverwandt mit 30.646; Gut Kat 30.647;&nbsp; <\/p>\n\n\n\n<p>8) F.\nLakomy; Romantische B\u00fccher; Rad; 63&#215;44; sw; 1933; hs; auf Folianten sitzender,\nauf Schwert gest\u00fctzt lesender Don Quichote; Gut Kat 30.648;&nbsp; <\/p>\n\n\n\n<p>9) Franz\nLakomy; Rad; 132&#215;100; sw; 1931; s\/hs; M\u00f6nch vor Globen aus \u00fcber Wolken auf\nLuftschloss zu wandelnd. Motto: HIER BAU MEINE SCHL\u00d6SSER, HIER BIN ICH DAHEIM.\nGut Kat 30.649; <\/p>\n\n\n\n<p>10) Arch.\nFranz Lakomy Scheffel Literatur; Rad; 73&#215;48; sw; o.j. (1933); hs; M\u00f6nch, Herzogin\ntragend (Scheffels \u201eEkkeehard,\u201c Motivverwandt mit 30.651; Gut Kat 30.650;<\/p>\n\n\n\n<p>11) Arch.\nFranz Lakomy Jos. V. v. Scheffel-Buecher; Rad;78&#215;55; sw; 1933; hs; Scheffels\n\u201eEkkhard\u201c, Herzogin tragend (Motivverwandt mit 30.650; Gut Kat 30.651; <\/p>\n\n\n\n<p>12) Franz&nbsp; Lakomy Ostasiatische Literatur u. Kunst; Rad;\n80&#215;55; sw; o.j.; hs; Japanerin, Schriftrolle lesend; Gut Kat 30.652; <\/p>\n\n\n\n<p>13) Renate\nLakomy; Rad; 64&#215;45; braun-w; 1933; s\/hs; M\u00e4dchen (oder Puppe?) und Teddy, bei\noffenem Buch sitzend; Abb 698; Gut Kat 30.653;&nbsp;&nbsp;\n<\/p>\n\n\n\n<p>14) Aus\nmeiner Sammlung Paula Leicht; Rad; 74&#215;60; sw; o.j., (1937); s\/hs; oben Kakteen\nunten, B\u00fccher, 1923, Gut Kat 30. 654; Slg. Rath&nbsp;\n&nbsp;<\/p>\n\n\n\n<p>15) Aus der\nB\u00fccherei Paula Leicht; Rad; 116&#215;82; braun-w; o.J; hs; Nadelbaum und geborstener\nStamm vor Landschaft; Gut Kat 30. 655; <\/p>\n\n\n\n<p>16) Aus der\nB\u00fcchersammlung Paula Leicht; Rad; 67&#215;52; sw; o.j; s\/hs; Berglandschaft, von\nEignervermerk kreisf\u00f6rmig gerahmt; Gut Kat 30. 656;&nbsp; <\/p>\n\n\n\n<p>17) Paula\nLeicht; Rad; 70&#215;64; braun-w; o.J; s; F\u00fcllhorn mit Bl\u00fcten; Gut Kat 30.657; <\/p>\n\n\n\n<p>18) Aus der\nB\u00fccherei Paula Leicht; Rad; 58&#215;54; sw; o.J; s\/hs; Drei Edelwei\u00dfbl\u00fcten; Gut Kat\n30. 658; <\/p>\n\n\n\n<p>19) Aus der\nB\u00fccherei Paula Leicht;Rad; 90&#215;60; dunkel blau; o.J; hs; links f\u00fcnf Tannen,\nrechts schememhafte Burg? Slg. \u00d6NB;&nbsp; <\/p>\n\n\n\n<p>20) Aus der\nRomanb\u00fccherei Dr. Leicht; Rad; 92&#215;108; sw; o.J; Landsch. Mit kahlem Baum. Gut\nKat 6.482<\/p>\n\n\n\n<p>21) Aus der\nB\u00fcchersammlung Dr. Siegm. Leicht; Rad; 73&#215;57; sw; o.J; s\/hs; Initialien auf\noff. Liegendem Buch, v. Eignervermerk kreisf\u00f6rmig umrahmt; Gut Kat 30. 659; <\/p>\n\n\n\n<p>22) Med. Drs.\nLeicht; Sigmundi; Zahnarzt; Rad; 126&#215;93; grau-blau; 1925(?); s., sh, j\u00fcdischer\nFriedhof, (Prag?), B\u00e4ume; Motto. MEMENTO VIVERE: NON OMNIS MORIARIS; Slg. Rath;&nbsp; &nbsp;<\/p>\n\n\n\n<p>23) F\u00fcr\nJulius Wolff-Literatur; Rad; 71&#215;48; sw; 1933; s\/hs; Rattenf\u00e4nger von Hameln:\nGut Kat 6.483; (Der Eigner, Julius Wolff, 16.9.1834-3.6.1910, schrieb 1875 \u201eDer\nRattenf\u00e4nger von Hameln.)<\/p>\n\n\n\n<p>(Laut Eignerverzeichnis des Gut Kat gibt es 13 Exlibris f\u00fcr die Familie; f\u00fcr LEICHT: Fingesten Gut Kat 2676; Lakomy Gut Kat 6482; Heigenmooser B 3987; M\u00fcller Gut Kat 34060 Theermann Gut Kat 11478; f\u00fcr PAULA LEICHT: Feil Gut Kat 2518; Fingesten B 3058; Fleissig Gut Kat 21916; Harrer Gut Kat 3672; Lakomy Gut Kat 30654; M\u00fcller Gut Kat 34061; S\u00fcss Gut Kat 11294; f\u00fcr SIGM. LEICHT: Lakomy 30659;)<\/p>\n\n\n\n<p>.<\/p>\n\n\n\n<p>Leider unvollst\u00e4ndig, ich hoffe auf mehr Informationen nach dem Erscheinen dieses Artikels, vorl\u00e4ufig fertiggestellt Anfang September 2022 von Peter Rath\u00a9 Wien. <\/p>\n","protected":false},"excerpt":{"rendered":"<p>Franz Lakomy, K\u00fcnstler, Musiker, Komponist, Exlibris-Radierer und Schlaraffe, 14.5.1882-? \u00b0\u00b0 Leopoldine Becker; Kinder Stephanie * 20.12.1908, Franz * 9.7.1910, Hermine * 26.6.1912; Lakomy, Franz Rudolf, war Architekt bei der Baufirma \u201eMenx &amp; Popp. Seine Adresse: M\u00e4hrisch Ostrau, Jirasaekplatz 11. Kam \u00fcber den Orden der Wartburgritter mit Urschlaraffia in Verbindung. Der Orden der Wartburgritter wurde am &hellip; <a href=\"http:\/\/www.exlibris.or.at\/?page_id=1632\" class=\"more-link\"><span class=\"screen-reader-text\">Franz Lakomy 1882-<\/span> weiterlesen<\/a><\/p>\n","protected":false},"author":1,"featured_media":0,"parent":0,"menu_order":0,"comment_status":"closed","ping_status":"closed","template":"","meta":{"footnotes":""},"_links":{"self":[{"href":"http:\/\/www.exlibris.or.at\/index.php?rest_route=\/wp\/v2\/pages\/1632"}],"collection":[{"href":"http:\/\/www.exlibris.or.at\/index.php?rest_route=\/wp\/v2\/pages"}],"about":[{"href":"http:\/\/www.exlibris.or.at\/index.php?rest_route=\/wp\/v2\/types\/page"}],"author":[{"embeddable":true,"href":"http:\/\/www.exlibris.or.at\/index.php?rest_route=\/wp\/v2\/users\/1"}],"replies":[{"embeddable":true,"href":"http:\/\/www.exlibris.or.at\/index.php?rest_route=%2Fwp%2Fv2%2Fcomments&post=1632"}],"version-history":[{"count":7,"href":"http:\/\/www.exlibris.or.at\/index.php?rest_route=\/wp\/v2\/pages\/1632\/revisions"}],"predecessor-version":[{"id":1747,"href":"http:\/\/www.exlibris.or.at\/index.php?rest_route=\/wp\/v2\/pages\/1632\/revisions\/1747"}],"wp:attachment":[{"href":"http:\/\/www.exlibris.or.at\/index.php?rest_route=%2Fwp%2Fv2%2Fmedia&parent=1632"}],"curies":[{"name":"wp","href":"https:\/\/api.w.org\/{rel}","templated":true}]}}