{"id":1139,"date":"2021-03-22T16:28:20","date_gmt":"2021-03-22T15:28:20","guid":{"rendered":"http:\/\/www.exlibris.or.at\/?page_id=1139"},"modified":"2021-03-22T16:51:00","modified_gmt":"2021-03-22T15:51:00","slug":"ludwig-van-beethoven","status":"publish","type":"page","link":"http:\/\/www.exlibris.or.at\/?page_id=1139","title":{"rendered":"Ludwig van Beethoven mit der Dornenkrone"},"content":{"rendered":"\n<p>von Emma L\u00f6wenstamm (1879-1941) und von Giovanni Ponti (1891-1979).<\/p>\n\n\n\n<p>Vorwort:<\/p>\n\n\n\n<p>Einer der vielen Aspekte der Erh\u00f6hung des Beethoven-Mythos, ist die\nDarstellung seiner B\u00fcste mit einer aufgesetzten Dornenkrone. Dieses ikonographische\nKonzept entspricht der romantischen Auffassung\ndes 19. Jahrhunderts, das ein heroisch-titanenhaftes Ringen des K\u00fcnstlers mit\nden Kr\u00e4ften des Universums zeigen soll. Dieser Ausflug in die Sph\u00e4re des\nSakralen ist im Beethoven-Mythos nicht au\u00dfergew\u00f6hnlich. Es kann der Ausdruck\nBeethovens Leiden sein, der sich f\u00fcr viele Menschen auch in seiner\nKlaviersonate c-Moll op. 13 ausdr\u00fcckt (Mondscheinsonate). <\/p>\n\n\n\n<div class=\"wp-block-image\"><figure class=\"aligncenter size-large is-resized\"><img loading=\"lazy\" decoding=\"async\" src=\"http:\/\/www.exlibris.or.at\/wp-content\/uploads\/2021\/03\/Bee-L\u00f6w-2-850x1024.jpg\" alt=\"\" class=\"wp-image-1141\" width=\"370\" height=\"446\" srcset=\"http:\/\/www.exlibris.or.at\/wp-content\/uploads\/2021\/03\/Bee-L\u00f6w-2-850x1024.jpg 850w, http:\/\/www.exlibris.or.at\/wp-content\/uploads\/2021\/03\/Bee-L\u00f6w-2-249x300.jpg 249w, http:\/\/www.exlibris.or.at\/wp-content\/uploads\/2021\/03\/Bee-L\u00f6w-2-768x925.jpg 768w, http:\/\/www.exlibris.or.at\/wp-content\/uploads\/2021\/03\/Bee-L\u00f6w-2-1275x1536.jpg 1275w, http:\/\/www.exlibris.or.at\/wp-content\/uploads\/2021\/03\/Bee-L\u00f6w-2-1700x2048.jpg 1700w\" sizes=\"(max-width: 370px) 100vw, 370px\" \/><figcaption>K\u00fcnstlerin:  Emma L\u00f6wenstamm 1920<\/figcaption><\/figure><\/div>\n\n\n\n<p><em>\u201eAusdrucksstark und Intensiv.\u201c<\/em> So war mein erster Eindruck der Radierung <em>\u201eBeethoven mit der Dornenkrone\u201c<\/em> von Emma L\u00f6wenstamm. Die Noten \u00fcber der Beethoven&nbsp; Totenmaske sind leider schwer erkennbar.<\/p>\n\n\n\n<p>Emma\nL\u00f6wenstamm.<\/p>\n\n\n\n<p>Geboren in Nachod, B\u00f6hmen 1.7.1879; gestorben in Prag, am 9.1.1941. Tochter von Berthold L\u00f6wenstamm (1833-1913) und von C\u00e4cilie L\u00f6wenstamm, geb. Goldschmid (1839-1910 ). &nbsp;Ihre Vorfahren stammten aus einer alten Familie j\u00fcdischer Gelehrter aus dem alt-\u00f6ster- reichischen Krakau und aus Amsterdam (Parik). Erste Ausbildung in der privaten Malschule von Heinrich Strehblow, bei dem auch Michael Fingensten studierte, dann Landschafts- malerei bei Anton Hlavacek und sp\u00e4ter bei David Kohn. Entscheidende Bedeutung hatte dann ihr Studium bei Ferdinand Schmutzer (1870-1928) in Wien. Sie schuf Landschaftsgem\u00e4lde, Interieurs und Radierungen. Sie war in Wien, Prag und Gablonz t\u00e4tig. Sehr bekannt von ihr ist die Portrait-Radierung von Arthur Schnitzler aus dem Jahr 1912. Eine Radierung, vermutlich aus dem Jahr 1909 zeigt Hitler und Lenin beim Schachspiel. <\/p>\n\n\n\n<p>Wieviele\nExlibris von ihr stammen, l\u00e4sst sich nicht einfach beantworten. In den\nGutenberg Exlibris \u2013 Katalogen (I. und II.) sind 23 Exlibris verzeichnet. In\ndem Katalog Ex Libris von Stephan Kellner (1921) sind 22 Exlibris, incl.\nNachtrag, nachgewiesen. <\/p>\n\n\n\n<p>Die Nachweise\n\u00fcber die K\u00fcnstlerin in der Exlibris-Datenbank von HR Dr. Karl F. Stock sind\nzahlreich (ID 138416, ID 138417, ID 138419, 138421, 138422). Eine kleine\nAuswahl: <\/p>\n\n\n\n<p>1) Jb.\nder \u00d6sterreichische Ex Libris-Gesellschaft 1. 1903, S. 53 [Exlibris Franz\nSchn\u00fcrer]; 3. 1905, S. 65; 2007-2008\/65 (Arno Parik) S. 40-53.<\/p>\n\n\n\n<p>2)\nKarolyi, C. u. A. Smetana: Aufbruch und Idylle: &#8230; Exlibris \u00f6sterreichischer\nK\u00fcnstlerinnen 1900-1945 &#8211; Wien, 2004, S. 112-115<\/p>\n\n\n\n<p>3)\nSchutt-Kehm, E.: Exlibris-Katalog des Gutenberg-Museums. Wiesbaden, T. 1. 1985,\nS. 221-222; T. 2. 2003, L-Z, S. 59;<strong> <\/strong>Giovanni Ponti<\/p>\n\n\n\n<p>Gio\nPonti.<\/p>\n\n\n\n<p>Gio\nPonti, geb. Mailand 18.11.1891, gest. Mailand 16.09.1979,\nArchitekt und Designer. Ponti studierte in Mailand bis 1921 Architektur am\nPolytechnikum, an dem er sp\u00e4ter eine Professur erhielt und von 1921 bis 1936lehrte. 1923\nwurde er k\u00fcnstlerischer Leiter der Porzellan- manufaktur Richard Ginori, ab\n1930 Mitbegr\u00fcnder der Triennale in Monza. Ponti stand zun\u00e4chst im Kreis der\nMail\u00e4nder Neoklassizisten, die sich in den 1920er Jahren zum Novecento Milanese\nzusammenschlossen. Seine erste Schaffensperiode ist gepr\u00e4gt durch die Einfl\u00fcsse\nOtto Wagners, die er mit dem aufkommenden <em>\u201eRazionalismo\u201c<\/em> &#8211; also\nRationalismus&nbsp; zu\nverbinden suchte. Der K\u00fcnstler ist im Internet gut dokumentiert.<\/p>\n\n\n\n<div class=\"wp-block-image\"><figure class=\"aligncenter size-large is-resized\"><img loading=\"lazy\" decoding=\"async\" src=\"http:\/\/www.exlibris.or.at\/wp-content\/uploads\/2021\/03\/Bilanconi-Bee-630x1024.jpg\" alt=\"\" class=\"wp-image-1143\" width=\"346\" height=\"562\" srcset=\"http:\/\/www.exlibris.or.at\/wp-content\/uploads\/2021\/03\/Bilanconi-Bee-630x1024.jpg 630w, http:\/\/www.exlibris.or.at\/wp-content\/uploads\/2021\/03\/Bilanconi-Bee-184x300.jpg 184w, http:\/\/www.exlibris.or.at\/wp-content\/uploads\/2021\/03\/Bilanconi-Bee-768x1249.jpg 768w, http:\/\/www.exlibris.or.at\/wp-content\/uploads\/2021\/03\/Bilanconi-Bee-944x1536.jpg 944w, http:\/\/www.exlibris.or.at\/wp-content\/uploads\/2021\/03\/Bilanconi-Bee-1259x2048.jpg 1259w, http:\/\/www.exlibris.or.at\/wp-content\/uploads\/2021\/03\/Bilanconi-Bee-scaled.jpg 1574w\" sizes=\"(max-width: 346px) 100vw, 346px\" \/><\/figure><\/div>\n\n\n\n<p>Der Farbenholzschnitt\n\u201eBeethoven\u201c von Giovanni Ponti ist der Frontspitz des folgenden Buches: <\/p>\n\n\n\n<p>(Dr.) G. (Guglielmo)\nBilancioni (1881-1935): La Sortita di Beethoven. \u00dcbersetzung: \u201eDie Taubheit\nBeethovens.\u201c Der Autor war Arzt, von ihm gibt es 9 Fachb\u00fccher, die alle in\nItalien erschienen sind. (Achtung, es gibt auch einen K\u00fcnstler [1836-1907]\ndesselben Namens).<\/p>\n\n\n\n<p>Verlegt wurde das Buch 1921 von Angelo Fortunato Formiggini, 1878-1938 (j\u00fcd., Suizid)<\/p>\n\n\n\n<p><\/p>\n\n\n\n<p>Erstellt im Februar und M\u00e4rz\n2021 von Peter Rath \u00a9 in Wien.<\/p>\n","protected":false},"excerpt":{"rendered":"<p>von Emma L\u00f6wenstamm (1879-1941) und von Giovanni Ponti (1891-1979). Vorwort: Einer der vielen Aspekte der Erh\u00f6hung des Beethoven-Mythos, ist die Darstellung seiner B\u00fcste mit einer aufgesetzten Dornenkrone. Dieses ikonographische Konzept entspricht der romantischen Auffassung des 19. Jahrhunderts, das ein heroisch-titanenhaftes Ringen des K\u00fcnstlers mit den Kr\u00e4ften des Universums zeigen soll. Dieser Ausflug in die Sph\u00e4re &hellip; <a href=\"http:\/\/www.exlibris.or.at\/?page_id=1139\" class=\"more-link\"><span class=\"screen-reader-text\">Ludwig van Beethoven mit der Dornenkrone<\/span> weiterlesen<\/a><\/p>\n","protected":false},"author":1,"featured_media":0,"parent":0,"menu_order":0,"comment_status":"closed","ping_status":"closed","template":"","meta":{"footnotes":""},"_links":{"self":[{"href":"http:\/\/www.exlibris.or.at\/index.php?rest_route=\/wp\/v2\/pages\/1139"}],"collection":[{"href":"http:\/\/www.exlibris.or.at\/index.php?rest_route=\/wp\/v2\/pages"}],"about":[{"href":"http:\/\/www.exlibris.or.at\/index.php?rest_route=\/wp\/v2\/types\/page"}],"author":[{"embeddable":true,"href":"http:\/\/www.exlibris.or.at\/index.php?rest_route=\/wp\/v2\/users\/1"}],"replies":[{"embeddable":true,"href":"http:\/\/www.exlibris.or.at\/index.php?rest_route=%2Fwp%2Fv2%2Fcomments&post=1139"}],"version-history":[{"count":5,"href":"http:\/\/www.exlibris.or.at\/index.php?rest_route=\/wp\/v2\/pages\/1139\/revisions"}],"predecessor-version":[{"id":1158,"href":"http:\/\/www.exlibris.or.at\/index.php?rest_route=\/wp\/v2\/pages\/1139\/revisions\/1158"}],"wp:attachment":[{"href":"http:\/\/www.exlibris.or.at\/index.php?rest_route=%2Fwp%2Fv2%2Fmedia&parent=1139"}],"curies":[{"name":"wp","href":"https:\/\/api.w.org\/{rel}","templated":true}]}}